{"id":3304,"date":"2022-11-27T16:15:01","date_gmt":"2022-11-27T16:15:01","guid":{"rendered":"https:\/\/dastgmures.ro\/?page_id=3304"},"modified":"2023-07-07T09:35:42","modified_gmt":"2023-07-07T07:35:42","slug":"dispeceratul-integrat-de-urgenta","status":"publish","type":"page","link":"https:\/\/dastgmures.ro\/hu\/szocialis-szolgaltatasok-2\/beszallitok-licencek\/integrated-emergency-dispatch\/","title":{"rendered":"112 Integr\u00e1lt s\u00fcrg\u0151ss\u00e9gi diszp\u00e9cser"},"content":{"rendered":"<div data-elementor-type=\"wp-page\" data-elementor-id=\"3304\" class=\"elementor elementor-3304\">\n\t\t\t\t\t\t\t\t\t<section class=\"penci-section penci-disSticky penci-structure-10 elementor-section elementor-top-section elementor-element elementor-element-5919769a elementor-section-boxed elementor-section-height-default elementor-section-height-default\" data-id=\"5919769a\" data-element_type=\"section\">\n\t\t\t\t\t\t<div class=\"elementor-container elementor-column-gap-default\">\n\t\t\t\t\t<div class=\"penci-ercol-100 penci-ercol-order-1 penci-sticky-ct    elementor-column elementor-col-100 elementor-top-column elementor-element elementor-element-66a3888f\" data-id=\"66a3888f\" data-element_type=\"column\">\n\t\t\t<div class=\"elementor-widget-wrap elementor-element-populated\">\n\t\t\t\t\t\t\t\t<div class=\"elementor-element elementor-element-5ebc5592 elementor-widget elementor-widget-text-editor\" data-id=\"5ebc5592\" data-element_type=\"widget\" data-widget_type=\"text-editor.default\">\n\t\t\t\t<div class=\"elementor-widget-container\">\n\t\t\t<style>\/*! elementor - v3.7.8 - 02-10-2022 *\/\n.elementor-widget-text-editor.elementor-drop-cap-view-stacked .elementor-drop-cap{background-color:#818a91;color:#fff}.elementor-widget-text-editor.elementor-drop-cap-view-framed .elementor-drop-cap{color:#818a91;border:3px solid;background-color:transparent}.elementor-widget-text-editor:not(.elementor-drop-cap-view-default) .elementor-drop-cap{margin-top:8px}.elementor-widget-text-editor:not(.elementor-drop-cap-view-default) .elementor-drop-cap-letter{width:1em;height:1em}.elementor-widget-text-editor .elementor-drop-cap{float:left;text-align:center;line-height:1;font-size:50px}.elementor-widget-text-editor .elementor-drop-cap-letter{display:inline-block}<\/style>\t\t\t\t<p><div id=\"ez-toc-container\" class=\"ez-toc-v2_0_36_1 counter-hierarchy ez-toc-counter ez-toc-grey ez-toc-container-direction\">\n<div class=\"ez-toc-title-container\">\n<p class=\"ez-toc-title\">Az oldal tartalma<\/p>\n<span class=\"ez-toc-title-toggle\"><a href=\"#\" class=\"ez-toc-pull-right ez-toc-btn ez-toc-btn-xs ez-toc-btn-default ez-toc-toggle\" style=\"display: none;\"><label for=\"item\" aria-label=\"Tartalomjegyz\u00e9k\"><span style=\"display: flex;align-items: center;width: 35px;height: 30px;justify-content: center;\"><svg style=\"fill: #999;color:#999\" xmlns=\"http:\/\/www.w3.org\/2000\/svg\" class=\"list-377408\" width=\"20px\" height=\"20px\" viewbox=\"0 0 24 24\" fill=\"none\"><path d=\"M6 6H4v2h2V6zm14 0H8v2h12V6zM4 11h2v2H4v-2zm16 0H8v2h12v-2zM4 16h2v2H4v-2zm16 0H8v2h12v-2z\" fill=\"currentColor\"><\/path><\/svg><svg style=\"fill: #999;color:#999\" class=\"arrow-unsorted-368013\" xmlns=\"http:\/\/www.w3.org\/2000\/svg\" width=\"10px\" height=\"10px\" viewbox=\"0 0 24 24\" version=\"1.2\" baseprofile=\"tiny\"><path d=\"M18.2 9.3l-6.2-6.3-6.2 6.3c-.2.2-.3.4-.3.7s.1.5.3.7c.2.2.4.3.7.3h11c.3 0 .5-.1.7-.3.2-.2.3-.5.3-.7s-.1-.5-.3-.7zM5.8 14.7l6.2 6.3 6.2-6.3c.2-.2.3-.5.3-.7s-.1-.5-.3-.7c-.2-.2-.4-.3-.7-.3h-11c-.3 0-.5.1-.7.3-.2.2-.3.5-.3.7s.1.5.3.7z\"\/><\/svg><\/span><\/label><input type=\"checkbox\" id=\"item\"><\/a><\/span><\/div>\n<nav><ul class='ez-toc-list ez-toc-list-level-1' ><li class='ez-toc-page-1 ez-toc-heading-level-2'><a class=\"ez-toc-link ez-toc-heading-1\" href=\"https:\/\/dastgmures.ro\/hu\/szocialis-szolgaltatasok-2\/beszallitok-licencek\/integrated-emergency-dispatch\/#Legislatie\" title=\"Jogszab\u00e1lyok\">Jogszab\u00e1lyok<\/a><\/li><li class='ez-toc-page-1 ez-toc-heading-level-2'><a class=\"ez-toc-link ez-toc-heading-2\" href=\"https:\/\/dastgmures.ro\/hu\/szocialis-szolgaltatasok-2\/beszallitok-licencek\/integrated-emergency-dispatch\/#Descrierea_activitatii\" title=\"Tev\u00e9kenys\u00e9g le\u00edr\u00e1sa\">Tev\u00e9kenys\u00e9g le\u00edr\u00e1sa<\/a><\/li><li class='ez-toc-page-1 ez-toc-heading-level-2'><a class=\"ez-toc-link ez-toc-heading-3\" href=\"https:\/\/dastgmures.ro\/hu\/szocialis-szolgaltatasok-2\/beszallitok-licencek\/integrated-emergency-dispatch\/#Obiectivul_Dispeceratului_Integrat_de_Urgenta_DIU_112\" title=\"Az integr\u00e1lt s\u00fcrg\u0151ss\u00e9gi diszp\u00e9cser DIU 112 c\u00e9lkit\u0171z\u00e9sei\">Az integr\u00e1lt s\u00fcrg\u0151ss\u00e9gi diszp\u00e9cser DIU 112 c\u00e9lkit\u0171z\u00e9sei<\/a><\/li><li class='ez-toc-page-1 ez-toc-heading-level-2'><a class=\"ez-toc-link ez-toc-heading-4\" href=\"https:\/\/dastgmures.ro\/hu\/szocialis-szolgaltatasok-2\/beszallitok-licencek\/integrated-emergency-dispatch\/#Scopul_Dispeceratului_Integrat_de_Urgenta_DIU_112\" title=\"Az integr\u00e1lt s\u00fcrg\u0151ss\u00e9gi diszp\u00e9cser c\u00e9lja IED 112\">Az integr\u00e1lt s\u00fcrg\u0151ss\u00e9gi diszp\u00e9cser c\u00e9lja IED 112<\/a><\/li><\/ul><\/nav><\/div>\n<\/p>\n<h2><span class=\"ez-toc-section\" id=\"Legislatie\"><\/span>Jogszab\u00e1lyok<span class=\"ez-toc-section-end\"><\/span><\/h2>\n<ul>\n<li style=\"font-weight: 400;\" aria-level=\"1\"><span style=\"font-weight: 400;\">34\/2008. sz. rendelet az egys\u00e9ges nemzeti seg\u00e9lyh\u00edv\u00f3 rendszer megszervez\u00e9s\u00e9r\u0151l \u00e9s m\u0171k\u00f6d\u00e9s\u00e9r\u0151l, a k\u00e9s\u0151bbi m\u00f3dos\u00edt\u00e1sokkal \u00e9s kieg\u00e9sz\u00edt\u00e9sekkel;<\/span><\/li>\n<li style=\"font-weight: 400;\" aria-level=\"1\"><span style=\"font-weight: 400;\">A 126\/2003. sz. rendelet az Eg\u00e9szs\u00e9g\u00fcgyi Miniszt\u00e9rium \u00e1ltal v\u00e1s\u00e1rolt \u00e9s a Fundeni Klinikai Int\u00e9zet \u00e9s a Marosv\u00e1s\u00e1rhelyi Megyei S\u00fcrg\u0151ss\u00e9gi Klinikai K\u00f3rh\u00e1z eg\u00e9szs\u00e9g\u00fcgyi \u00fczemeltet\u0151ihez rendelt helikopterek \u00e1ltal ny\u00fajtott s\u00fcrg\u0151ss\u00e9gi seg\u00edts\u00e9gny\u00fajt\u00e1sr\u00f3l, k\u00e9s\u0151bbi m\u00f3dos\u00edt\u00e1sokkal \u00e9s kieg\u00e9sz\u00edt\u00e9sekkel A 95\/2006. sz. t\u00f6rv\u00e9ny az eg\u00e9szs\u00e9g\u00fcgyi reformr\u00f3l, k\u00e9s\u0151bbi m\u00f3dos\u00edt\u00e1sokkal \u00e9s kieg\u00e9sz\u00edt\u00e9sekkel \u00fajra kihirdetve;<\/span><\/li>\n<li style=\"font-weight: 400;\" aria-level=\"1\"><span style=\"font-weight: 400;\">A k\u00f6zeg\u00e9szs\u00e9g\u00fcgyi miniszter \u00e9s a k\u00f6zigazgat\u00e1si \u00e9s bel\u00fcgyminiszter 1092\/1500\/2006. sz. rendelete.<\/span> <span style=\"font-weight: 400;\">a k\u00f3rh\u00e1zi ell\u00e1t\u00e1st megel\u0151z\u0151 szakaszban a k\u00fcl\u00f6nb\u00f6z\u0151 szint\u0171 \u00e1llami beavatkoz\u00f3 csoportok hat\u00e1sk\u00f6r\u00e9nek \u00e9s feladatainak meghat\u00e1roz\u00e1s\u00e1r\u00f3l;<\/span><\/li>\n<li style=\"font-weight: 400;\" aria-level=\"1\"><span style=\"font-weight: 400;\">A 2000. m\u00e1jus 25-i 87. sz\u00e1m\u00fa HCL a rend\u0151rs\u00e9g, a ment\u0151szolg\u00e1lat, a SMURD, a t\u0171zolt\u00f3s\u00e1g, a csend\u0151rs\u00e9g \u00e9s a k\u00f6zrend\u0151rs\u00e9g tev\u00e9kenys\u00e9g\u00e9nek \u00f6sszehangol\u00e1s\u00e1t k\u00f6zpontos\u00edtott diszp\u00e9cserszolg\u00e1lat l\u00e9trehoz\u00e1s\u00e1r\u00f3l.<\/span><\/li>\n<\/ul>\n<h2><span class=\"ez-toc-section\" id=\"Descrierea_activitatii\"><\/span>Tev\u00e9kenys\u00e9g le\u00edr\u00e1sa<span class=\"ez-toc-section-end\"><\/span><\/h2>\n<p><span style=\"font-weight: 400;\">Az Integr\u00e1lt S\u00fcrg\u0151ss\u00e9gi Diszp\u00e9cser Egys\u00e9g (DIU 112) 2000-ben j\u00f6tt l\u00e9tre a 2000. m\u00e1jus 25-i 87. sz\u00e1m\u00fa helyi tan\u00e1csi hat\u00e1rozat alapj\u00e1n, \u00e9s a marosv\u00e1s\u00e1rhelyi Szoci\u00e1lis J\u00f3l\u00e9ti Oszt\u00e1lyon bel\u00fcl m\u0171k\u00f6dik, mint a seg\u00e9lyh\u00edv\u00e1sok fogad\u00e1s\u00e1ra \u00e9s kezel\u00e9s\u00e9re szolg\u00e1l\u00f3 integr\u00e1lt szolg\u00e1lat megyei \u00e9s region\u00e1lis szinten (a SMURD helikopter-ir\u00e1ny\u00edt\u00e1s szempontj\u00e1b\u00f3l).<\/span><\/p>\n<h2><span class=\"ez-toc-section\" id=\"Obiectivul_Dispeceratului_Integrat_de_Urgenta_DIU_112\"><\/span>Az integr\u00e1lt s\u00fcrg\u0151ss\u00e9gi diszp\u00e9cser DIU 112 c\u00e9lkit\u0171z\u00e9sei<span class=\"ez-toc-section-end\"><\/span><\/h2>\n<p><span style=\"font-weight: 400;\">Az \u00f6sszetett seg\u00e9lyh\u00edv\u00e1sok \u00e9s helyzetek kezel\u00e9s\u00e9b\u0151l \u00e9s ir\u00e1ny\u00edt\u00e1s\u00e1b\u00f3l \u00e1ll, a k\u00f6vetkez\u0151 tev\u00e9kenys\u00e9gek biztos\u00edt\u00e1s\u00e1val:<\/span><\/p>\n<ol>\n<li><span style=\"font-weight: 400;\">Automatikusan fogadja \u00e9s r\u00f6gz\u00edti a 112-es egys\u00e9ges seg\u00e9lyh\u00edv\u00f3sz\u00e1mon kereszt\u00fcl tov\u00e1bb\u00edtott seg\u00e9lyh\u00edv\u00e1sokat;<\/span><\/li>\n<li><span style=\"font-weight: 400;\">A bej\u00f6v\u0151 h\u00edv\u00e1sokat a lehet\u0151 legnagyobb m\u00e9rt\u00e9kben nyugt\u00e1zza \u00e9s lokaliz\u00e1lja;<\/span><\/li>\n<li><span style=\"font-weight: 400;\">Azonnal riasztja az integr\u00e1lt \u00fcgyn\u00f6ks\u00e9gekhez tartoz\u00f3 beavatkoz\u00e1si strukt\u00far\u00e1t\/szem\u00e9lyzetet, vagy az esem\u00e9nyek jelleg\u00e9t\u0151l \u00e9s k\u00f6vetkezm\u00e9nyeit\u0151l f\u00fcgg\u0151en, a v\u00e9szhelyzetek kezel\u00e9s\u00e9re szakosodott valamennyi strukt\u00fara \u00e1ltal \u00f6ssze\u00e1ll\u00edtott esem\u00e9nyjegyz\u00e9k alapj\u00e1n a seg\u00e9lyh\u00edv\u00e1sokat az integr\u00e1lt seg\u00e9lyh\u00edv\u00f3 diszp\u00e9csereken k\u00edv\u00fcl m\u0171k\u00f6d\u0151 seg\u00e9lyh\u00edv\u00f3 diszp\u00e9csereknek, valamint az illet\u00e9kes hat\u00f3s\u00e1goknak ir\u00e1ny\u00edtja \u00e9s tov\u00e1bb\u00edtja;<\/span><\/li>\n<li><span style=\"font-weight: 400;\">Katasztr\u00f3fa eset\u00e9n a h\u00edv\u00e1sok feldolgoz\u00e1s\u00e1t k\u00f6vet\u0151en azonnal tov\u00e1bb\u00edtja a be\u00e9rkezett adatokat \u00e9s inform\u00e1ci\u00f3kat a megyei katasztr\u00f3fav\u00e9delmi bizotts\u00e1g \u00e1lland\u00f3 technikai titk\u00e1rs\u00e1g\u00e1nak;<\/span><\/li>\n<li><span style=\"font-weight: 400;\">Fogadja \u00e9s r\u00f6gz\u00edti az esem\u00e9nyek \u00e9s beavatkoz\u00e1sok el\u0151rehalad\u00e1s\u00e1val kapcsolatos adatokat \u00e9s inform\u00e1ci\u00f3kat;<\/span><\/li>\n<li><span style=\"font-weight: 400;\">A nemzeti kisebbs\u00e9gek nyelvein \u00e9s adott esetben m\u00e1s nemzetk\u00f6zi nyelveken is fogad seg\u00e9lyh\u00edv\u00e1sokat;<\/span><\/li>\n<li><span style=\"font-weight: 400;\">Biztos\u00edtja \u00e9s fenntartja az \u00e1lland\u00f3 kapcsolatot a helysz\u00ednen telep\u00edtett er\u0151forr\u00e1sokkal vagy azokkal a strukt\u00far\u00e1kkal, ahonnan azok sz\u00e1rmaznak;<\/span><\/li>\n<li><span style=\"font-weight: 400;\">Figyelemmel k\u00eds\u00e9ri \u00e9s koordin\u00e1lja a GPS nyomk\u00f6vet\u0151 \u00e9s m\u0171holdas nyomk\u00f6vet\u0151 rendszerrel felszerelt seg\u00e9lyh\u00edv\u00f3 j\u00e1rm\u0171vek tev\u00e9kenys\u00e9g\u00e9t;<\/span><\/li>\n<li><span style=\"font-weight: 400;\">Fogyat\u00e9kkal \u00e9l\u0151k h\u00edv\u00e1sainak fogad\u00e1sa a k\u00f6zc\u00e9l\u00fa h\u00e1l\u00f3zatokban haszn\u00e1lt telematikai termin\u00e1lokon kereszt\u00fcl, a m\u0171szakilag megval\u00f3s\u00edthat\u00f3 hat\u00e1rokon bel\u00fcl;<\/span><\/li>\n<li><span style=\"font-weight: 400;\">Kapcsol\u00f3d\u00e1si pontok a t\u00e1voli szak\u00e9rt\u0151i \u00e9s koordin\u00e1ci\u00f3s k\u00f6zpontokkal.<\/span><\/li>\n<\/ol>\n<h2><span class=\"ez-toc-section\" id=\"Scopul_Dispeceratului_Integrat_de_Urgenta_DIU_112\"><\/span>Az integr\u00e1lt s\u00fcrg\u0151ss\u00e9gi diszp\u00e9cser c\u00e9lja IED 112<span class=\"ez-toc-section-end\"><\/span><\/h2>\n<ul>\n<li><span style=\"font-weight: 400;\">A 112-es seg\u00e9lyh\u00edv\u00e1sok fogad\u00e1sa \u00e9s kezel\u00e9se;<\/span><\/li>\n<li><span style=\"font-weight: 400;\">Az ISU-SMURD, SAJ, IPJ, IJJ, IJJ, helyi rend\u0151rs\u00e9ghez tartoz\u00f3 v\u00e9szhelyzeti csapatok riaszt\u00e1sa;<\/span><\/li>\n<li><span style=\"font-weight: 400;\">A SMURD Mures, SMURD Arad, SMURD Jibou helikopterek riaszt\u00e1sa;<\/span><\/li>\n<li><span style=\"font-weight: 400;\">Cs\u00f6kkentse a v\u00e9szhelyzetekre val\u00f3 reag\u00e1l\u00e1si id\u0151t;<\/span><\/li>\n<li><span style=\"font-weight: 400;\">A CJCCI Megyei K\u00f6zpont a komplex v\u00e9szhelyzetekre val\u00f3 reag\u00e1l\u00e1s koordin\u00e1ci\u00f3j\u00e1nak \u00e9s ir\u00e1ny\u00edt\u00e1s\u00e1nak k\u00f6zpontja;<\/span><\/li>\n<li><span style=\"font-weight: 400;\">A SMURD neonatol\u00f3giai csapatok koordin\u00e1ci\u00f3s k\u00f6zpontja.<\/span><\/li>\n<\/ul>\t\t\t\t\t\t<\/div>\n\t\t\t\t<\/div>\n\t\t\t\t\t<\/div>\n\t\t<\/div>\n\t\t\t\t\t\t\t<\/div>\n\t\t<\/section>\n\t\t\t\t\t\t\t<\/div>","protected":false},"excerpt":{"rendered":"<p>Az egys\u00e9ges nemzeti seg\u00e9lyh\u00edv\u00f3 rendszer megszervez\u00e9s\u00e9r\u0151l \u00e9s m\u0171k\u00f6d\u00e9s\u00e9r\u0151l sz\u00f3l\u00f3 34\/2008. sz. rendelet a k\u00e9s\u0151bbi m\u00f3dos\u00edt\u00e1sokkal \u00e9s kieg\u00e9sz\u00edt\u00e9sekkel; ..... sz. rendelet.<\/p>","protected":false},"author":1,"featured_media":0,"parent":3261,"menu_order":0,"comment_status":"closed","ping_status":"closed","template":"","meta":{"footnotes":""},"class_list":["post-3304","page","type-page","status-publish","hentry"],"yoast_head":"<!-- This site is optimized with the Yoast SEO plugin v19.13 - https:\/\/yoast.com\/wordpress\/plugins\/seo\/ -->\n<title>Dispeceratul Integrat de Urgen\u021b\u0103 112 - Direc\u021bia de Asisten\u021b\u0103 Social\u0103 T\u00e2rgu Mure\u0219<\/title>\n<meta name=\"robots\" content=\"index, follow, max-snippet:-1, max-image-preview:large, max-video-preview:-1\" \/>\n<link rel=\"canonical\" href=\"https:\/\/dastgmures.ro\/hu\/szocialis-szolgaltatasok-2\/beszallitok-licencek\/integrated-emergency-dispatch\/\" \/>\n<meta property=\"og:locale\" content=\"hu_HU\" \/>\n<meta property=\"og:type\" content=\"article\" \/>\n<meta property=\"og:title\" content=\"Dispeceratul Integrat de Urgen\u021b\u0103 112 - Direc\u021bia de Asisten\u021b\u0103 Social\u0103 T\u00e2rgu Mure\u0219\" \/>\n<meta property=\"og:description\" content=\"Legisla\u021bie O.U.G. nr. 34\/2008 privind organizarea \u015fi func\u0163ionarea Sistemului na\u0163ional unic pentru apeluri de urgen\u0163\u0103&nbsp; cu modific\u0103rile \u015fi complet\u0103rile ulterioare; O.U.G. nr.&hellip;\" \/>\n<meta property=\"og:url\" content=\"https:\/\/dastgmures.ro\/hu\/szocialis-szolgaltatasok-2\/beszallitok-licencek\/integrated-emergency-dispatch\/\" \/>\n<meta property=\"og:site_name\" content=\"Direc\u021bia de Asisten\u021b\u0103 Social\u0103 T\u00e2rgu Mure\u0219\" \/>\n<meta property=\"article:modified_time\" content=\"2023-07-07T07:35:42+00:00\" \/>\n<meta name=\"twitter:card\" content=\"summary_large_image\" \/>\n<meta name=\"twitter:label1\" content=\"Becs\u00fclt olvas\u00e1si id\u0151\" \/>\n\t<meta name=\"twitter:data1\" content=\"3 perc\" \/>\n<script type=\"application\/ld+json\" class=\"yoast-schema-graph\">{\"@context\":\"https:\/\/schema.org\",\"@graph\":[{\"@type\":\"WebPage\",\"@id\":\"https:\/\/dastgmures.ro\/servicii-sociale\/furnizori-licentiati\/dispeceratul-integrat-de-urgenta\/\",\"url\":\"https:\/\/dastgmures.ro\/servicii-sociale\/furnizori-licentiati\/dispeceratul-integrat-de-urgenta\/\",\"name\":\"Dispeceratul Integrat de Urgen\u021b\u0103 112 - Direc\u021bia de Asisten\u021b\u0103 Social\u0103 T\u00e2rgu Mure\u0219\",\"isPartOf\":{\"@id\":\"https:\/\/dastgmures.ro\/#website\"},\"datePublished\":\"2022-11-27T16:15:01+00:00\",\"dateModified\":\"2023-07-07T07:35:42+00:00\",\"breadcrumb\":{\"@id\":\"https:\/\/dastgmures.ro\/servicii-sociale\/furnizori-licentiati\/dispeceratul-integrat-de-urgenta\/#breadcrumb\"},\"inLanguage\":\"hu\",\"potentialAction\":[{\"@type\":\"ReadAction\",\"target\":[\"https:\/\/dastgmures.ro\/servicii-sociale\/furnizori-licentiati\/dispeceratul-integrat-de-urgenta\/\"]}]},{\"@type\":\"BreadcrumbList\",\"@id\":\"https:\/\/dastgmures.ro\/servicii-sociale\/furnizori-licentiati\/dispeceratul-integrat-de-urgenta\/#breadcrumb\",\"itemListElement\":[{\"@type\":\"ListItem\",\"position\":1,\"name\":\"Prima pagin\u0103\",\"item\":\"https:\/\/dastgmures.ro\/\"},{\"@type\":\"ListItem\",\"position\":2,\"name\":\"Servicii sociale\",\"item\":\"https:\/\/dastgmures.ro\/servicii-sociale\/\"},{\"@type\":\"ListItem\",\"position\":3,\"name\":\"DAS T\u00e2rgu Mure\u0219 \u2013 furnizor de servicii sociale licen\u021biate\",\"item\":\"https:\/\/dastgmures.ro\/servicii-sociale\/furnizori-licentiati\/\"},{\"@type\":\"ListItem\",\"position\":4,\"name\":\"Dispeceratul Integrat de Urgen\u021b\u0103 112\"}]},{\"@type\":\"WebSite\",\"@id\":\"https:\/\/dastgmures.ro\/#website\",\"url\":\"https:\/\/dastgmures.ro\/\",\"name\":\"Direc\u021bia de Asisten\u021b\u0103 Social\u0103 T\u00e2rgu Mure\u0219\",\"description\":\"\",\"potentialAction\":[{\"@type\":\"SearchAction\",\"target\":{\"@type\":\"EntryPoint\",\"urlTemplate\":\"https:\/\/dastgmures.ro\/?s={search_term_string}\"},\"query-input\":\"required name=search_term_string\"}],\"inLanguage\":\"hu\"}]}<\/script>\n<!-- \/ Yoast SEO plugin. -->","yoast_head_json":{"title":"Dispeceratul Integrat de Urgen\u021b\u0103 112 - Direc\u021bia de Asisten\u021b\u0103 Social\u0103 T\u00e2rgu Mure\u0219","robots":{"index":"index","follow":"follow","max-snippet":"max-snippet:-1","max-image-preview":"max-image-preview:large","max-video-preview":"max-video-preview:-1"},"canonical":"https:\/\/dastgmures.ro\/hu\/szocialis-szolgaltatasok-2\/beszallitok-licencek\/integrated-emergency-dispatch\/","og_locale":"hu_HU","og_type":"article","og_title":"Dispeceratul Integrat de Urgen\u021b\u0103 112 - Direc\u021bia de Asisten\u021b\u0103 Social\u0103 T\u00e2rgu Mure\u0219","og_description":"Legisla\u021bie O.U.G. nr. 34\/2008 privind organizarea \u015fi func\u0163ionarea Sistemului na\u0163ional unic pentru apeluri de urgen\u0163\u0103&nbsp; cu modific\u0103rile \u015fi complet\u0103rile ulterioare; O.U.G. nr.&hellip;","og_url":"https:\/\/dastgmures.ro\/hu\/szocialis-szolgaltatasok-2\/beszallitok-licencek\/integrated-emergency-dispatch\/","og_site_name":"Direc\u021bia de Asisten\u021b\u0103 Social\u0103 T\u00e2rgu Mure\u0219","article_modified_time":"2023-07-07T07:35:42+00:00","twitter_card":"summary_large_image","twitter_misc":{"Becs\u00fclt olvas\u00e1si id\u0151":"3 perc"},"schema":{"@context":"https:\/\/schema.org","@graph":[{"@type":"WebPage","@id":"https:\/\/dastgmures.ro\/servicii-sociale\/furnizori-licentiati\/dispeceratul-integrat-de-urgenta\/","url":"https:\/\/dastgmures.ro\/servicii-sociale\/furnizori-licentiati\/dispeceratul-integrat-de-urgenta\/","name":"Dispeceratul Integrat de Urgen\u021b\u0103 112 - Direc\u021bia de Asisten\u021b\u0103 Social\u0103 T\u00e2rgu Mure\u0219","isPartOf":{"@id":"https:\/\/dastgmures.ro\/#website"},"datePublished":"2022-11-27T16:15:01+00:00","dateModified":"2023-07-07T07:35:42+00:00","breadcrumb":{"@id":"https:\/\/dastgmures.ro\/servicii-sociale\/furnizori-licentiati\/dispeceratul-integrat-de-urgenta\/#breadcrumb"},"inLanguage":"hu","potentialAction":[{"@type":"ReadAction","target":["https:\/\/dastgmures.ro\/servicii-sociale\/furnizori-licentiati\/dispeceratul-integrat-de-urgenta\/"]}]},{"@type":"BreadcrumbList","@id":"https:\/\/dastgmures.ro\/servicii-sociale\/furnizori-licentiati\/dispeceratul-integrat-de-urgenta\/#breadcrumb","itemListElement":[{"@type":"ListItem","position":1,"name":"Prima pagin\u0103","item":"https:\/\/dastgmures.ro\/"},{"@type":"ListItem","position":2,"name":"Servicii sociale","item":"https:\/\/dastgmures.ro\/servicii-sociale\/"},{"@type":"ListItem","position":3,"name":"DAS T\u00e2rgu Mure\u0219 \u2013 furnizor de servicii sociale licen\u021biate","item":"https:\/\/dastgmures.ro\/servicii-sociale\/furnizori-licentiati\/"},{"@type":"ListItem","position":4,"name":"Dispeceratul Integrat de Urgen\u021b\u0103 112"}]},{"@type":"WebSite","@id":"https:\/\/dastgmures.ro\/#website","url":"https:\/\/dastgmures.ro\/","name":"Direc\u021bia de Asisten\u021b\u0103 Social\u0103 T\u00e2rgu Mure\u0219","description":"","potentialAction":[{"@type":"SearchAction","target":{"@type":"EntryPoint","urlTemplate":"https:\/\/dastgmures.ro\/?s={search_term_string}"},"query-input":"required name=search_term_string"}],"inLanguage":"hu"}]}},"_links":{"self":[{"href":"https:\/\/dastgmures.ro\/hu\/wp-json\/wp\/v2\/pages\/3304","targetHints":{"allow":["GET"]}}],"collection":[{"href":"https:\/\/dastgmures.ro\/hu\/wp-json\/wp\/v2\/pages"}],"about":[{"href":"https:\/\/dastgmures.ro\/hu\/wp-json\/wp\/v2\/types\/page"}],"author":[{"embeddable":true,"href":"https:\/\/dastgmures.ro\/hu\/wp-json\/wp\/v2\/users\/1"}],"replies":[{"embeddable":true,"href":"https:\/\/dastgmures.ro\/hu\/wp-json\/wp\/v2\/comments?post=3304"}],"version-history":[{"count":15,"href":"https:\/\/dastgmures.ro\/hu\/wp-json\/wp\/v2\/pages\/3304\/revisions"}],"predecessor-version":[{"id":7683,"href":"https:\/\/dastgmures.ro\/hu\/wp-json\/wp\/v2\/pages\/3304\/revisions\/7683"}],"up":[{"embeddable":true,"href":"https:\/\/dastgmures.ro\/hu\/wp-json\/wp\/v2\/pages\/3261"}],"wp:attachment":[{"href":"https:\/\/dastgmures.ro\/hu\/wp-json\/wp\/v2\/media?parent=3304"}],"curies":[{"name":"wp","href":"https:\/\/api.w.org\/{rel}","templated":true}]}}